{"id":18998,"date":"2019-12-27T18:37:07","date_gmt":"2019-12-27T17:37:07","guid":{"rendered":"https:\/\/visionstore.co.rs\/product\/cheviton-classic\/"},"modified":"2026-02-02T10:20:21","modified_gmt":"2026-02-02T09:20:21","slug":"cheviton","status":"publish","type":"product","link":"https:\/\/visionstore.co.rs\/cs\/product\/cheviton\/","title":{"rendered":"Cheviton Classic"},"content":{"rendered":"<p><strong>Cheviton Classic<\/strong> \u2013 zv\u00fd\u0161en\u00e1 ochrana a stavebn\u00ed materi\u00e1l pro vlasy a nehty. \u00da\u010dinn\u011b chr\u00e1n\u00ed a dod\u00e1v\u00e1 kysl\u00edk ke ko\u0159\u00ednk\u016fm vlas\u016f, sni\u017euje vypad\u00e1v\u00e1n\u00ed vlas\u016f, aktivuje jejich r\u016fst, zvy\u0161uje hustotu a objem.<\/p>\n<p>Blokuje vliv voln\u00fdch radik\u00e1l\u016f a chr\u00e1n\u00ed p\u0159ed negativn\u00edmi vlivy z vn\u011bj\u0161\u00edho prost\u0159ed\u00ed, v\u010detn\u011b agresivn\u00edch slo\u017eek \u0161amponu a barev na vlasy. Bioaktivn\u00ed dopl\u0148ky tak\u00e9 zabra\u0148uj\u00ed p\u0159ed\u010dasn\u00e9mu \u0161ediv\u011bn\u00ed vlas\u016f a tvorb\u011b lup\u016f. \u00dasp\u011b\u0161n\u011b \u0159e\u0161\u00ed nejen probl\u00e9my se such\u00fdmi, \u0159\u00eddk\u00fdmi, kvetouc\u00edmi a slab\u00fdmi vlasy, ale tak\u00e9 probl\u00e9my s \u0159\u00eddk\u00fdmi, l\u00e1mav\u00fdmi nehty a nehty, kter\u00e9 padaj\u00ed. Tento bioaktivn\u00ed dopln\u011bk v\u00fd\u017eivy obsahuje aminokyseliny <strong>cystin<\/strong> a <strong>methionin<\/strong>, \u017eivotn\u011b d\u016fle\u017eit\u00e9 prvky pro pos\u00edlen\u00ed neht\u016f. <strong>Methionin<\/strong> se v lidsk\u00e9m t\u011ble nevytv\u00e1\u0159\u00ed, proto je nutn\u00e9 jeho z\u00e1soby dopl\u0148ovat z vn\u011bj\u0161\u00edch zdroj\u016f.<\/p>\n<ul>\n<li>Posiluje strukturu vlasov\u00e9ho stvolu a nehtov\u00e9 plot\u00e9nky<\/li>\n<li>\u00da\u010dinn\u011b pom\u00e1h\u00e1 v p\u0159\u00edpad\u011b such\u00fdch, \u0159\u00eddk\u00fdch a l\u00e1maj\u00edc\u00edch se vlas\u016f<\/li>\n<li>Aktivuje r\u016fst vlas\u016f, zvy\u0161uje objem a hustotu vlas\u016f<\/li>\n<li>Vy\u017eivuje vlasy a nehty zevnit\u0159<\/li>\n<li>Zlep\u0161uje krevn\u00ed ob\u011bh v poko\u017ece hlavy<\/li>\n<li>Zabra\u0148uje vypad\u00e1v\u00e1n\u00ed vlas\u016f a p\u0159ed\u010dasn\u00fdm \u0161ediv\u00fdm vlas\u016fm<\/li>\n<\/ul>\n<p>Lahodn\u00e9 a zdrav\u00e9 vlasy jsou kr\u00e1sn\u00e9. Ale bohu\u017eel ne ka\u017ed\u00e1 z n\u00e1s se m\u016f\u017ee pochlubit hust\u00fdmi, leskl\u00fdmi a dob\u0159e upraven\u00fdmi vlasy.<\/p>\n<p>D\u00edt\u011b, zdravotn\u00ed probl\u00e9my a stres, a dokonce i \u0161patn\u00e1 ekologie, to v\u0161e stejn\u011b dopad\u00e1 na mu\u017ee i \u017eeny. Nedostatek vitam\u00edn\u016f, aminokyselin a n\u011bkter\u00fdch mikroelement\u016f (nap\u0159\u00edklad zinku) v d\u016fsledku nedostate\u010dn\u00e9 a nedostate\u010dn\u011b vyv\u00e1\u017een\u00e9 stravy se negativn\u011b projevuje i na stavu vlas\u016f. Stane se such\u00fdm, k\u0159ehk\u00fdm a k\u0159ehk\u00fdm, p\u0159estane r\u016fst a za\u010dne padat.<\/p>\n<p>Probl\u00e9my s vlasy jsou p\u0159itom v\u017edy doprov\u00e1zeny probl\u00e9my s nehty. Nehty se tvo\u0159\u00ed ze stejn\u00e9 vrstvy epidermis, ze kter\u00e9 se tvo\u0159\u00ed vlasy, co\u017e znamen\u00e1, \u017ee kv\u016fli nespr\u00e1vn\u00e9 v\u00fd\u017eiv\u011b trp\u00ed i nehty.<\/p>\n<p>\u0160ampony, laky na vlasy a barvy, gely a p\u011bny, laky na nehty, kter\u00fdmi se sna\u017e\u00edme navr\u00e1tit kr\u00e1su cel\u00e9 dny, situaci jen prohlubuj\u00ed: vlasy \u0159\u00eddnou a nehty l\u00e1mou. Pro \u00faplnou regeneraci vlas\u016f a neht\u016f jsou zapot\u0159eb\u00ed speci\u00e1ln\u00ed vitam\u00ednov\u00e9 komplexy s vhodn\u011b vybran\u00fdmi p\u0159\u00edsadami.<\/p>\n<p>Nezoufejte! Komplex vitam\u00edn\u016f a miner\u00e1l\u016f <strong>Cheviton Classic<\/strong> v\u00e1m odhal\u00ed tajemstv\u00ed p\u0159irozen\u00e9 kr\u00e1sy vlas\u016f a neht\u016f. D\u00edky jeho aktivn\u00edm slo\u017ek\u00e1m v\u00fdsledky nezklamou a va\u0161e vlasy budou hust\u00e9 a leskl\u00e9 a va\u0161e nehty siln\u00e9 a zdrav\u00e9!<\/p>\n<p>Nehty jsou tvo\u0159eny ze stejn\u00e9 vrstvy epidermis jako vlasy, tak\u017ee se jejich probl\u00e9my velmi \u010dasto p\u0159ekr\u00fdvaj\u00ed a spolu \u00fazce souvis\u00ed. Je p\u0159irozen\u00e9, \u017ee probl\u00e9my s nehty a vlasy jsou zp\u016fsobeny r\u016fzn\u00fdmi p\u0159\u00ed\u010dinami. U n\u011bkoho je to individu\u00e1ln\u00ed a souvis\u00ed se zp\u016fsobem \u017eivota \u010di povol\u00e1n\u00edm a u n\u011bkoho d\u011bdi\u010dn\u00e9 p\u0159\u00ed\u010diny. \u010casto je probl\u00e9m ve \u0161patn\u00e9m zdravotn\u00edm stavu samotn\u00e9ho organismu. Pod\u00edv\u00e1me se, jak \u00fa\u010dinn\u00e9 l\u00e1tky dopl\u0148ku stravy <strong>Cheviton Classic<\/strong> p\u016fsob\u00ed na ka\u017ed\u00fd probl\u00e9m souvisej\u00edc\u00ed se stavem vlas\u016f a neht\u016f.<\/p>\n<p>Jedn\u00edm z nejpal\u010div\u011bj\u0161\u00edch probl\u00e9m\u016f sou\u010dasnosti je vypad\u00e1v\u00e1n\u00ed vlas\u016f. Hlavn\u00ed p\u0159\u00ed\u010dinou je, \u017ee vlas\u016fm chyb\u00ed keratin, struktur\u00e1ln\u00ed protein, ze kter\u00e9ho jsou vlasy vyrobeny. D\u00edky <strong>biotinu<\/strong>, kter\u00fd \u0159\u00edd\u00ed vylu\u010dov\u00e1n\u00ed mazu na k\u016f\u017ei, <strong>vitam\u00edn\u016fm B<\/strong> a <strong>cystinu<\/strong>, kter\u00e9 se pod\u00edlej\u00ed na synt\u00e9ze keratinu a stimuluj\u00ed r\u016fst vlas\u016f, tento probl\u00e9m m\u00edt nebudete. <strong>Cystin<\/strong> nav\u00edc m\u016f\u017ee pomoci s geneticky podm\u00edn\u011bn\u00fdm vypad\u00e1v\u00e1n\u00edm vlas\u016f.<\/p>\n<p>Nedostatek keratinu v\u0161ak nen\u00ed jedin\u00fdm d\u016fvodem vypad\u00e1v\u00e1n\u00ed vlas\u016f. R\u016fst vlas\u016f \u00fazce souvis\u00ed s bu\u0148kami spodn\u00ed \u010d\u00e1sti folikulu, kter\u00fdmi proch\u00e1zej\u00ed kapil\u00e1ry. \u017diviny pronikaj\u00ed p\u0159es jejich st\u011bny do vlasov\u00e9ho folikulu a zaji\u0161\u0165uj\u00ed r\u016fst a regeneraci bun\u011bk. P\u0159i naru\u0161en\u00ed prokrven\u00ed tk\u00e1n\u011b u ko\u0159ene vlasu doch\u00e1z\u00ed k vypad\u00e1v\u00e1n\u00ed vlas\u016f a v d\u016fsledku toho k ple\u0161atosti. <strong>Vitam\u00edn B5<\/strong> posiluje vlasov\u00fd folikul a <strong>vitam\u00edn B6<\/strong> vy\u017eivuje a zabra\u0148uje jeho deformaci. B\u011bhem t\u00e9to doby <strong>vitam\u00edn B12<\/strong> zaji\u0161\u0165uje proud\u011bn\u00ed kysl\u00edku k poko\u017ece hlavy, co\u017e m\u00e1 pozitivn\u00ed vliv na r\u016fst vlas\u016f. Pokud t\u011blo nem\u00e1 dostatek vitam\u00edn\u016f, nehty trp\u00ed. Ztr\u00e1cej\u00ed pevnost a st\u00e1vaj\u00ed se k\u0159ehk\u00fdmi. Zinek pom\u00e1h\u00e1 neht\u016fm, co\u017e je d\u011bl\u00e1 siln\u011bj\u0161\u00edmi. <strong>Vitamin B5<\/strong> naopak zaji\u0161\u0165uje norm\u00e1ln\u00ed prokrven\u00ed neht\u016f. <strong>Biotin a cystin<\/strong> zvy\u0161uj\u00ed pevnost neht\u016f o v\u00edce ne\u017e 25 %.<\/p>\n<p>Velk\u00fdm probl\u00e9mem vlas\u016f a neht\u016f je barva a tvar a t\u00edm i vn\u011bj\u0161\u00ed vzhled. Pevnost a lesk vlas\u016fm dod\u00e1 <strong>biotin<\/strong> nebo, jak se \u010dasto \u0159\u00edk\u00e1, \u201evitam\u00edn na vlasy\u201c. <strong>Biotin<\/strong> v\u0161ak lze pr\u00e1vem pova\u017eovat za vitam\u00edn pro nehty, nebo\u0165 je schopen odstranit jejich nezdrav\u00e9 \u0161edo\u017elut\u00e9 zbarven\u00ed. S\u00edrov\u00e9 aminokyseliny, <strong>methionin<\/strong> a <strong>cystin<\/strong> a tak\u00e9 <strong>zinek<\/strong> dodaj\u00ed vlas\u016fm lesk, kter\u00fd nav\u00edc pom\u016f\u017ee odstranit b\u00edl\u00e9 skvrny na nehtech.<\/p>\n<p>Neutralizac\u00ed toxick\u00fdch l\u00e1tek odstra\u0148uje <strong>vitamin B5<\/strong> p\u0159\u00ed\u010dn\u00e9 z\u00e1d\u011bry, tzv. efekt vlnit\u00fdch neht\u016f.<\/p>\n<p>Jemn\u00e9, ale roz\u0161\u00ed\u0159en\u00e9 vlasov\u00e9 probl\u00e9my, jako jsou lupy a \u0161ediny, v\u00fdborn\u011b \u0159e\u0161\u00ed <strong>vitam\u00edny skupiny B<\/strong>. <strong>Vitam\u00edny B6 a B12<\/strong> zabra\u0148uj\u00ed tvorb\u011b lup\u016f, zabra\u0148uj\u00ed pocen\u00ed, suchosti poko\u017eky hlavy a vzniku p\u0159ed\u010dasn\u00fdch \u0161ediv\u00fdch vlas\u016f.<\/p>\n<p>V\u0161e pot\u0159ebn\u00e9 pro hojen\u00ed vlas\u016f a neht\u016f je tak obsa\u017eeno v unik\u00e1tn\u00edm komplexu, kter\u00fd nem\u00e1 konkurenci, v komplexu <strong>Cheviton Classic<\/strong>. Opravuje strukturu, obnovuje r\u016fst a dod\u00e1v\u00e1 zdrav\u00fd lesk neht\u016fm a vlas\u016fm.<\/p>\n<p><strong>Slo\u017een\u00ed<\/strong>: L-cystin, DL-methionin, biotin (vitam\u00edn H), zinek, vitam\u00edny B5, B6, B12.<\/p>\n<p><strong>Mno\u017estv\u00ed: 30 kapsl\u00ed<\/strong><\/p>\n<p><strong>\u010cist\u00e1 hmotnost: 11 g<\/strong><\/p>\n<table>\n<tbody>\n<tr>\n<td width=\"189\"><strong>\u00da\u010cINN\u00c9 L\u00c1TKY:<\/strong><\/td>\n<td width=\"81\"><strong>1 kapsle<br \/>\n(0,37 g)<\/strong><\/td>\n<td width=\"59\"><strong>%NRV*<\/strong><\/td>\n<\/tr>\n<tr>\n<td width=\"189\">Kyselina pantothenov\u00e1<\/td>\n<td width=\"81\">5 mg<\/td>\n<td width=\"59\">83%<\/td>\n<\/tr>\n<tr>\n<td width=\"189\">Vitam\u00edn B6<\/td>\n<td width=\"81\">1,5 mg<\/td>\n<td width=\"59\">107%<\/td>\n<\/tr>\n<tr>\n<td width=\"189\">Vitam\u00edn B12<\/td>\n<td width=\"81\">1,5 \u00b5g<\/td>\n<td width=\"59\">60%<\/td>\n<\/tr>\n<tr>\n<td width=\"189\">Biotin<\/td>\n<td width=\"81\">75 \u00b5g<\/td>\n<td width=\"59\">150%<\/td>\n<\/tr>\n<tr>\n<td width=\"189\">Zinek<\/td>\n<td width=\"81\">9,5 mg<\/td>\n<td width=\"59\">95%<\/td>\n<\/tr>\n<tr>\n<td width=\"189\">L-cystin<\/td>\n<td width=\"81\">100 mg<\/td>\n<td width=\"59\">**<\/td>\n<\/tr>\n<tr>\n<td width=\"189\">DL-methionin<\/td>\n<td width=\"81\">100 mg<\/td>\n<td width=\"59\">**<\/td>\n<\/tr>\n<\/tbody>\n<\/table>\n<p>*NRV &#8211; nutri\u010dn\u00ed referen\u010dn\u00ed hodnota<br \/>\n** &#8211; nutri\u010dn\u00ed referen\u010dn\u00ed hodnota nebyla stanovena<\/p>\n","protected":false},"excerpt":{"rendered":"<p>Vlastnosti produktu CHEVITON Classic:<\/p>\n<p>\u2022 P\u0159isp\u00edv\u00e1 k pos\u00edlen\u00ed struktury povrchu vlas\u016f a neht\u016f.<br \/>\n\u2022 Zabra\u0148uje l\u00e1mavosti vlas\u016f a delaminaci povrchu nehtu.<br \/>\n\u2022 \u00da\u010dinn\u011b bojuje s probl\u00e9my, jako jsou such\u00e9, tenk\u00e9, l\u00e1mav\u00e9 a tenk\u00e9 vlasy bez objemu.<br \/>\n\u2022 Stimuluje r\u016fst a obnovu bun\u011bk.<br \/>\n\u2022 Aktivuje r\u016fst vlas\u016f, zvy\u0161uje jejich objem a hustotu.<br \/>\n\u2022 Aktivn\u011b vy\u017eivuje vlasy a nehty zevnit\u0159.<br \/>\n\u2022 Zlep\u0161uje pr\u016ftok krve.<br \/>\n\u2022 Poskytuje s\u00edlu, pru\u017enost a zdravou strukturu vlas\u016f, dod\u00e1v\u00e1 jim lesk, sametov\u00fd a zdrav\u00fd vzhled.<br \/>\n\u2022 Zabra\u0148uje vypad\u00e1v\u00e1n\u00ed vlas\u016f a p\u0159ed\u010dasn\u00fdm \u0161ediv\u00fdm vlas\u016fm.<\/p>\n","protected":false},"featured_media":18999,"comment_status":"open","ping_status":"closed","template":"","meta":{"_acf_changed":false,"_uag_custom_page_level_css":"","site-sidebar-layout":"default","site-content-layout":"default","ast-site-content-layout":"default","site-content-style":"default","site-sidebar-style":"default","ast-global-header-display":"","ast-banner-title-visibility":"","ast-main-header-display":"","ast-hfb-above-header-display":"","ast-hfb-below-header-display":"","ast-hfb-mobile-header-display":"","site-post-title":"","ast-breadcrumbs-content":"","ast-featured-img":"","footer-sml-layout":"","ast-disable-related-posts":"","theme-transparent-header-meta":"default","adv-header-id-meta":"","stick-header-meta":"default","header-above-stick-meta":"","header-main-stick-meta":"","header-below-stick-meta":"","astra-migrate-meta-layouts":"default","ast-page-background-enabled":"default","ast-page-background-meta":{"desktop":{"background-color":"","background-image":"","background-repeat":"repeat","background-position":"center center","background-size":"auto","background-attachment":"scroll","background-type":"","background-media":"","overlay-type":"","overlay-color":"","overlay-opacity":"","overlay-gradient":""},"tablet":{"background-color":"","background-image":"","background-repeat":"repeat","background-position":"center center","background-size":"auto","background-attachment":"scroll","background-type":"","background-media":"","overlay-type":"","overlay-color":"","overlay-opacity":"","overlay-gradient":""},"mobile":{"background-color":"","background-image":"","background-repeat":"repeat","background-position":"center center","background-size":"auto","background-attachment":"scroll","background-type":"","background-media":"","overlay-type":"","overlay-color":"","overlay-opacity":"","overlay-gradient":""}},"ast-content-background-meta":{"desktop":{"background-color":"var(--ast-global-color-4)","background-image":"","background-repeat":"repeat","background-position":"center center","background-size":"auto","background-attachment":"scroll","background-type":"","background-media":"","overlay-type":"","overlay-color":"","overlay-opacity":"","overlay-gradient":""},"tablet":{"background-color":"var(--ast-global-color-4)","background-image":"","background-repeat":"repeat","background-position":"center center","background-size":"auto","background-attachment":"scroll","background-type":"","background-media":"","overlay-type":"","overlay-color":"","overlay-opacity":"","overlay-gradient":""},"mobile":{"background-color":"var(--ast-global-color-4)","background-image":"","background-repeat":"repeat","background-position":"center center","background-size":"auto","background-attachment":"scroll","background-type":"","background-media":"","overlay-type":"","overlay-color":"","overlay-opacity":"","overlay-gradient":""}},"jetpack_post_was_ever_published":false},"product_brand":[],"product_cat":[361],"product_tag":[],"class_list":{"0":"post-18998","1":"product","2":"type-product","3":"status-publish","4":"has-post-thumbnail","6":"product_cat-direct-hit","7":"desktop-align-center","8":"tablet-align-center","9":"mobile-align-center","10":"ast-product-gallery-layout-horizontal","11":"ast-product-tabs-layout-distributed","12":"ast-qv-on-image","14":"first","15":"outofstock","16":"taxable","17":"shipping-taxable","18":"purchasable","19":"product-type-simple"},"acf":[],"uagb_featured_image_src":{"full":["https:\/\/i0.wp.com\/visionstore.co.rs\/wp-content\/uploads\/2019\/12\/Cheviton-Current-View.jpg?fit=2000%2C2000&ssl=1",2000,2000,false],"thumbnail":["https:\/\/i0.wp.com\/visionstore.co.rs\/wp-content\/uploads\/2019\/12\/Cheviton-Current-View.jpg?resize=150%2C150&ssl=1",150,150,true],"medium":["https:\/\/i0.wp.com\/visionstore.co.rs\/wp-content\/uploads\/2019\/12\/Cheviton-Current-View.jpg?fit=300%2C300&ssl=1",300,300,true],"medium_large":["https:\/\/i0.wp.com\/visionstore.co.rs\/wp-content\/uploads\/2019\/12\/Cheviton-Current-View.jpg?fit=768%2C768&ssl=1",768,768,true],"large":["https:\/\/i0.wp.com\/visionstore.co.rs\/wp-content\/uploads\/2019\/12\/Cheviton-Current-View.jpg?fit=1024%2C1024&ssl=1",1024,1024,true],"1536x1536":["https:\/\/i0.wp.com\/visionstore.co.rs\/wp-content\/uploads\/2019\/12\/Cheviton-Current-View.jpg?fit=1536%2C1536&ssl=1",1536,1536,true],"2048x2048":["https:\/\/i0.wp.com\/visionstore.co.rs\/wp-content\/uploads\/2019\/12\/Cheviton-Current-View.jpg?fit=2000%2C2000&ssl=1",2000,2000,true],"mailpoet_newsletter_max":["https:\/\/i0.wp.com\/visionstore.co.rs\/wp-content\/uploads\/2019\/12\/Cheviton-Current-View.jpg?fit=1320%2C1320&ssl=1",1320,1320,true],"woocommerce_thumbnail":["https:\/\/i0.wp.com\/visionstore.co.rs\/wp-content\/uploads\/2019\/12\/Cheviton-Current-View.jpg?fit=900%2C900&ssl=1",900,900,true],"woocommerce_single":["https:\/\/i0.wp.com\/visionstore.co.rs\/wp-content\/uploads\/2019\/12\/Cheviton-Current-View.jpg?fit=1200%2C1200&ssl=1",1200,1200,true],"woocommerce_gallery_thumbnail":["https:\/\/i0.wp.com\/visionstore.co.rs\/wp-content\/uploads\/2019\/12\/Cheviton-Current-View.jpg?resize=100%2C100&ssl=1",100,100,true]},"uagb_author_info":{"display_name":"admin","author_link":"https:\/\/visionstore.co.rs\/cs\/author\/"},"uagb_comment_info":1,"uagb_excerpt":"Vlastnosti produktu CHEVITON Classic: \u2022 P\u0159isp\u00edv\u00e1 k pos\u00edlen\u00ed struktury povrchu vlas\u016f a neht\u016f. \u2022 Zabra\u0148uje l\u00e1mavosti vlas\u016f a delaminaci povrchu nehtu. \u2022 \u00da\u010dinn\u011b bojuje s probl\u00e9my, jako jsou such\u00e9, tenk\u00e9, l\u00e1mav\u00e9 a tenk\u00e9 vlasy bez objemu. \u2022 Stimuluje r\u016fst a obnovu bun\u011bk. \u2022 Aktivuje r\u016fst vlas\u016f, zvy\u0161uje jejich objem a hustotu. \u2022 Aktivn\u011b vy\u017eivuje vlasy&hellip;","jetpack_sharing_enabled":true,"_links":{"self":[{"href":"https:\/\/visionstore.co.rs\/cs\/wp-json\/wp\/v2\/product\/18998","targetHints":{"allow":["GET"]}}],"collection":[{"href":"https:\/\/visionstore.co.rs\/cs\/wp-json\/wp\/v2\/product"}],"about":[{"href":"https:\/\/visionstore.co.rs\/cs\/wp-json\/wp\/v2\/types\/product"}],"replies":[{"embeddable":true,"href":"https:\/\/visionstore.co.rs\/cs\/wp-json\/wp\/v2\/comments?post=18998"}],"wp:featuredmedia":[{"embeddable":true,"href":"https:\/\/visionstore.co.rs\/cs\/wp-json\/wp\/v2\/media\/18999"}],"wp:attachment":[{"href":"https:\/\/visionstore.co.rs\/cs\/wp-json\/wp\/v2\/media?parent=18998"}],"wp:term":[{"taxonomy":"product_brand","embeddable":true,"href":"https:\/\/visionstore.co.rs\/cs\/wp-json\/wp\/v2\/product_brand?post=18998"},{"taxonomy":"product_cat","embeddable":true,"href":"https:\/\/visionstore.co.rs\/cs\/wp-json\/wp\/v2\/product_cat?post=18998"},{"taxonomy":"product_tag","embeddable":true,"href":"https:\/\/visionstore.co.rs\/cs\/wp-json\/wp\/v2\/product_tag?post=18998"}],"curies":[{"name":"wp","href":"https:\/\/api.w.org\/{rel}","templated":true}]}}